{"id":5854,"date":"2020-01-02T15:38:02","date_gmt":"2020-01-02T14:38:02","guid":{"rendered":"https:\/\/aikido-belgique.be\/?page_id=5854"},"modified":"2026-01-23T08:33:50","modified_gmt":"2026-01-23T07:33:50","slug":"welkom","status":"publish","type":"page","link":"https:\/\/www.aikido-belgique.be\/nl\/","title":{"rendered":"Welkom"},"content":{"rendered":"<div class=\"wpb-content-wrapper\"><p>[vc_row section_type=&#8221;fullwidth&#8221; section_full_height=&#8221;fullheight&#8221; bg_type=&#8221;image&#8221; bg_image=&#8221;3247&#8243; color_overlay=&#8221;primary-2&#8243; opacity_overlay=&#8221;50&#8243; el_class=&#8221;header__background&#8221;][vc_column width=&#8221;1\/3&#8243;][\/vc_column][vc_column width=&#8221;1\/3&#8243; tablet_width=&#8221;1-2&#8243; tablet_sm_width=&#8221;2-3&#8243;]<div class=\"grve-empty-space grve-height-3x\" style=\"\"><\/div>[vc_column_text]<\/p>\n<h3 style=\"font-weight: bold;\">Welkom op de website van<\/h3>\n<p>[\/vc_column_text]<h1 class=\"grve-element grve-title grve-align-left grve-h1\" style=\"\"><span><span style=\"color: white;\">Union Belge<br \/>\nd\u2019A\u00efkido<\/span><\/span><\/h1><div class=\"grve-empty-space grve-height-1x\" style=\"\"><\/div>[vc_column_text]<strong style=\"color: white;\">Ontdek Aikido, ontdek de clubs bij jou in de buurt en schrijf je in voor onze cursussen.<\/strong>[\/vc_column_text]<div class=\"grve-empty-space grve-height-2x\" style=\"\"><\/div>[vc_row_inner][vc_column_inner width=&#8221;1\/2&#8243; mobile_width=&#8221;1-2&#8243;]<div class=\"grve-element grve-align-left\"><a href=\"https:\/\/aikido-belgique.be\/nl\/aikidoclub\/\" title=\"Club d\u2019A\u00efkido\" class=\"grve-btn grve-btn-medium grve-round grve-bg-primary-1 grve-bg-hover-black\"><span>Zoek een club<\/span><\/a><\/div>[\/vc_column_inner][vc_column_inner width=&#8221;1\/2&#8243; mobile_width=&#8221;1-2&#8243;]<div class=\"grve-element grve-align-left\"><a href=\"https:\/\/aikido-belgique.be\/nl\/agenda-en-stages\/\" title=\"Agenda et Stages\" class=\"grve-btn grve-btn-medium grve-round grve-bg-primary-2 grve-bg-hover-black\"><span>Vind een stage<\/span><\/a><\/div>[\/vc_column_inner][\/vc_row_inner][\/vc_column][vc_column width=&#8221;1\/3&#8243;]<div class=\"grve-empty-space grve-height-2x\" style=\"\"><\/div>[vc_column_text css=&#8221;&#8221;]<span style=\"color: tomato;\"><strong>Next International seminar<\/strong><\/span>[\/vc_column_text][vc_tta_accordion active_section=&#8221;1&#8243;][vc_tta_section title=&#8221;Mai\/Mei\/May: Yoshinobu IRIE&#8221; tab_id=&#8221;1769078352002-88195d44-a08e&#8221;]<div class=\"grve-element grve-slider grve-layout-1 grve-image-auto-width\"  style=\" \">  <div class=\"grve-carousel-wrapper\"><div class=\"grve-slider-element owl-carousel grve-theme\" data-slider-speed=\"3500\" data-slider-pause=\"yes\" data-slider-autoplay=\"yes\" data-slider-loop=\"yes\" data-slider-transition=\"slide\" data-slider-autoheight=\"no\" data-pagination=\"yes\"><div class=\"grve-slider-item grve-hover-item grve-hover-style-none\">  <figure class=\"grve-image-hover grve-zoom-in\">    <a class=\"grve-item-url\" href=\"https:\/\/www.aikido-belgique.be\/irie\/\" target=\"_self\" ><\/a><div class=\"grve-media\"><img loading=\"lazy\" decoding=\"async\" width=\"212\" height=\"300\" src=\"https:\/\/www.aikido-belgique.be\/wp-content\/uploads\/2026\/01\/Irie-2026-EN-1-212x300.jpg\" class=\"attachment-medium size-medium\" alt=\"\" srcset=\"https:\/\/www.aikido-belgique.be\/wp-content\/uploads\/2026\/01\/Irie-2026-EN-1-212x300.jpg 212w, https:\/\/www.aikido-belgique.be\/wp-content\/uploads\/2026\/01\/Irie-2026-EN-1-724x1024.jpg 724w, https:\/\/www.aikido-belgique.be\/wp-content\/uploads\/2026\/01\/Irie-2026-EN-1-768x1086.jpg 768w, https:\/\/www.aikido-belgique.be\/wp-content\/uploads\/2026\/01\/Irie-2026-EN-1-1086x1536.jpg 1086w, https:\/\/www.aikido-belgique.be\/wp-content\/uploads\/2026\/01\/Irie-2026-EN-1-1357x1920.jpg 1357w, https:\/\/www.aikido-belgique.be\/wp-content\/uploads\/2026\/01\/Irie-2026-EN-1-600x849.jpg 600w, https:\/\/www.aikido-belgique.be\/wp-content\/uploads\/2026\/01\/Irie-2026-EN-1.jpg 1414w\" sizes=\"auto, (max-width: 212px) 100vw, 212px\" \/><\/div>  <\/figure><\/div>\t<\/div>  <\/div><\/div>[\/vc_tta_section][vc_tta_section title=&#8221;Mars\/March\/Maart: Brahim Si Guesmi&#8221; tab_id=&#8221;1769079315093-12f93998-d4ad&#8221;]<div class=\"grve-element grve-slider grve-layout-1 grve-image-auto-width\"  style=\" \">  <div class=\"grve-carousel-wrapper\"><div class=\"grve-slider-element owl-carousel grve-theme\" data-slider-speed=\"3500\" data-slider-pause=\"yes\" data-slider-autoplay=\"yes\" data-slider-loop=\"yes\" data-slider-transition=\"slide\" data-slider-autoheight=\"no\" data-pagination=\"yes\"><div class=\"grve-slider-item grve-hover-item grve-hover-style-none\">  <figure class=\"grve-image-hover grve-zoom-in\">    <a class=\"grve-item-url\" href=\"https:\/\/www.aikido-belgique.be\/agenda-genererpar-mec\/stage-pour-tous-419\/\" target=\"_self\" ><\/a><div class=\"grve-media\"><img loading=\"lazy\" decoding=\"async\" width=\"212\" height=\"300\" src=\"https:\/\/www.aikido-belgique.be\/wp-content\/uploads\/2026\/01\/Brahim-mai-2026-212x300.png\" class=\"attachment-medium size-medium\" alt=\"\" srcset=\"https:\/\/www.aikido-belgique.be\/wp-content\/uploads\/2026\/01\/Brahim-mai-2026-212x300.png 212w, https:\/\/www.aikido-belgique.be\/wp-content\/uploads\/2026\/01\/Brahim-mai-2026-724x1024.png 724w, https:\/\/www.aikido-belgique.be\/wp-content\/uploads\/2026\/01\/Brahim-mai-2026-768x1086.png 768w, https:\/\/www.aikido-belgique.be\/wp-content\/uploads\/2026\/01\/Brahim-mai-2026-1086x1536.png 1086w, https:\/\/www.aikido-belgique.be\/wp-content\/uploads\/2026\/01\/Brahim-mai-2026-1357x1920.png 1357w, https:\/\/www.aikido-belgique.be\/wp-content\/uploads\/2026\/01\/Brahim-mai-2026-600x849.png 600w, https:\/\/www.aikido-belgique.be\/wp-content\/uploads\/2026\/01\/Brahim-mai-2026.png 1414w\" sizes=\"auto, (max-width: 212px) 100vw, 212px\" \/><\/div>  <\/figure><\/div>\t<\/div>  <\/div><\/div>[\/vc_tta_section][vc_tta_section title=&#8221;Mai\/Mei\/May: H\u00e9l\u00e8ne Dou\u00e9&#8221; tab_id=&#8221;1769079752396-20103eb1-84a3&#8243;]<div class=\"grve-element grve-slider grve-layout-1 grve-image-auto-width\"  style=\" \">  <div class=\"grve-carousel-wrapper\"><div class=\"grve-slider-element owl-carousel grve-theme\" data-slider-speed=\"3500\" data-slider-pause=\"yes\" data-slider-autoplay=\"yes\" data-slider-loop=\"yes\" data-slider-transition=\"slide\" data-slider-autoheight=\"no\" data-pagination=\"yes\"><div class=\"grve-slider-item grve-hover-item grve-hover-style-none\">  <figure class=\"grve-image-hover grve-zoom-in\">    <a class=\"grve-item-url\" href=\"https:\/\/www.aikido-belgique.be\/agenda-genererpar-mec\/stage-avec-helene-doue\/\" target=\"_self\" ><\/a><div class=\"grve-media\"><img loading=\"lazy\" decoding=\"async\" width=\"212\" height=\"300\" src=\"https:\/\/www.aikido-belgique.be\/wp-content\/uploads\/2025\/08\/Helene-Doue-NL-212x300.png\" class=\"attachment-medium size-medium\" alt=\"\" srcset=\"https:\/\/www.aikido-belgique.be\/wp-content\/uploads\/2025\/08\/Helene-Doue-NL-212x300.png 212w, https:\/\/www.aikido-belgique.be\/wp-content\/uploads\/2025\/08\/Helene-Doue-NL-724x1024.png 724w, https:\/\/www.aikido-belgique.be\/wp-content\/uploads\/2025\/08\/Helene-Doue-NL-768x1086.png 768w, https:\/\/www.aikido-belgique.be\/wp-content\/uploads\/2025\/08\/Helene-Doue-NL-1086x1536.png 1086w, https:\/\/www.aikido-belgique.be\/wp-content\/uploads\/2025\/08\/Helene-Doue-NL-600x849.png 600w, https:\/\/www.aikido-belgique.be\/wp-content\/uploads\/2025\/08\/Helene-Doue-NL.png 1414w\" sizes=\"auto, (max-width: 212px) 100vw, 212px\" \/><\/div>  <\/figure><\/div>\t<\/div>  <\/div><\/div>[\/vc_tta_section][\/vc_tta_accordion][\/vc_column][\/vc_row][vc_row section_type=&#8221;fullwidth&#8221; columns_gap=&#8221;60&#8243;][vc_column]<div class=\"grve-empty-space grve-height-4x\" style=\"\"><\/div><h2 class=\"grve-element grve-title grve-align-center grve-h3\" style=\"\"><span>Nieuws<\/span><\/h2><div class=\"grve-empty-space grve-height-1x\" style=\"\"><\/div>\t\t<div class=\"grve-element grve-blog grve-blog-columns grve-blog-grid grve-isotope grve-with-gap grve-with-shadow\" style=\"\" data-columns=\"3\" data-columns-large-screen=\"3\" data-columns-tablet-landscape=\"2\" data-columns-tablet-portrait=\"2\" data-columns-mobile=\"1\" data-layout=\"fitRows\" data-spinner=\"no\" data-gutter-size=\"40\">\r\n\t\t\t<div class=\"grve-isotope-container\">\r\n\t\t\t<article class=\"grve-blog-item grve-isotope-item post-7182 post type-post status-publish format-standard has-post-thumbnail hentry category-non-categorise\" itemscope itemType=\"http:\/\/schema.org\/BlogPosting\">\r\n\t\t\t\t<div class=\"grve-blog-item-inner grve-isotope-item-inner grve-fade-in\">\r\n\t\t\t\t\t\t\t\t\t\t\t\t\t<div class=\"grve-media\">\r\n\t\t\t<a class=\"grve-item-url\" href=\"https:\/\/www.aikido-belgique.be\/nl\/fijne-vakantie\/\" aria-label=\"Beste wensen !\"><\/a>\r\n\t\t\t<img loading=\"lazy\" decoding=\"async\" width=\"560\" height=\"373\" src=\"https:\/\/www.aikido-belgique.be\/wp-content\/uploads\/2020\/03\/katana0.jpg\" class=\"attachment-movedo-grve-small-rect-horizontal size-movedo-grve-small-rect-horizontal wp-post-image\" alt=\"\" srcset=\"https:\/\/www.aikido-belgique.be\/wp-content\/uploads\/2020\/03\/katana0.jpg 2356w, https:\/\/www.aikido-belgique.be\/wp-content\/uploads\/2020\/03\/katana0-300x200.jpg 300w, https:\/\/www.aikido-belgique.be\/wp-content\/uploads\/2020\/03\/katana0-1024x683.jpg 1024w, https:\/\/www.aikido-belgique.be\/wp-content\/uploads\/2020\/03\/katana0-768x512.jpg 768w, https:\/\/www.aikido-belgique.be\/wp-content\/uploads\/2020\/03\/katana0-391x260.jpg 391w, https:\/\/www.aikido-belgique.be\/wp-content\/uploads\/2020\/03\/katana0-1536x1024.jpg 1536w, https:\/\/www.aikido-belgique.be\/wp-content\/uploads\/2020\/03\/katana0-600x400.jpg 600w\" sizes=\"auto, (max-width: 560px) 100vw, 560px\" \/>\t\t\t<div class=\"grve-bg-black grve-hover-overlay grve-opacity-10\"><\/div>\r\n\t\t<\/div>\r\n\t\t\t\t\t\t<div class=\"grve-post-content-wrapper\">\r\n\t\t\t\t\t\t\t<div class=\"grve-post-content\">\r\n\t\t\t\t\t\t\t\t<div class=\"grve-post-header\">\r\n\t\t\t\t\t\t\t\t\t\t\t\t\t\t\t\t\t\t\t\t<span class=\"grve-hidden\">\n\t\t\t<span class=\"grve-structured-data entry-title\">Beste wensen !<\/span>\n\t\t\t<span class=\"grve-structured-data\" itemprop=\"image\" itemscope itemtype=\"http:\/\/schema.org\/ImageObject\">\n\t\t\t   <span itemprop='url' >https:\/\/www.aikido-belgique.be\/wp-content\/uploads\/2020\/03\/katana0.jpg<\/span>\n\t\t\t   <span itemprop='height' >2356<\/span>\n\t\t\t   <span itemprop='width' >1571<\/span>\n\t\t\t<\/span>\n\t\t\t\t\t\t<span class=\"grve-structured-data vcard author\" itemprop=\"author\" itemscope itemtype=\"http:\/\/schema.org\/Person\">\n\t\t\t\t<span itemprop=\"name\" class=\"fn\">U.Be.A. - Union Belge d&#039;A\u00efkido<\/span>\n\t\t\t<\/span>\n\t\t\t<span class=\"grve-structured-data\" itemprop=\"publisher\" itemscope itemtype=\"http:\/\/schema.org\/Organization\">\n\t\t\t\t<span itemprop='name'>U.Be.A. - Union Belge d&#039;A\u00efkido<\/span>\n\t\t\t\t<span itemprop='logo' itemscope itemtype='http:\/\/schema.org\/ImageObject'>\n\t\t\t\t\t<span itemprop='url'>\/\/www.aikido-belgique.be\/wp-content\/uploads\/2020\/02\/logo-e1596804538299.png<\/span>\n\t\t\t\t<\/span>\n\t\t\t<\/span>\n\t\t\t\t\t\t<time class=\"grve-structured-data date published\" itemprop=\"datePublished\" datetime=\"2025-07-02T18:23:18+02:00\">2 juli 2025<\/time>\n\t\t\t<time class=\"grve-structured-data date updated\" itemprop=\"dateModified\"  datetime=\"2026-01-21T16:36:21+01:00\">21 januari 2026<\/time>\n\t\t\t<span class=\"grve-structured-data\" itemprop=\"mainEntityOfPage\" itemscope itemtype=\"http:\/\/schema.org\/WebPage\" itemid=\"https:\/\/www.aikido-belgique.be\/nl\/fijne-vakantie\/\"><\/span>\n\t\t<\/span>\n\t\t\t\t\t\t\t\t\t\t\t\t\t\t\t\t\t\t\t\t\t\t\t\t\t\t\t\t<a href=\"https:\/\/www.aikido-belgique.be\/nl\/fijne-vakantie\/\" rel=\"bookmark\"><h4 class=\"grve-post-title grve-post-title-hover grve-h4\" itemprop=\"headline\">Beste wensen !<\/h4><\/a>\t\t\t\t\t\t\t\t<\/div>\r\n\t\t\t\t\t\t\t\t<div itemprop=\"articleBody\"><p>Union Belge d&#8217;Aikido (U.Be.A) Beste vrienden, Aan het begin van 2026 wensen alle leden van de raad van bestuur, samen met mij, u een heel gelukkig nieuwjaar, een uitstekende gezondheid&hellip;<\/p><a class=\"grve-read-more grve-link-text grve-heading-color grve-text-hover-primary-1\" href=\"https:\/\/www.aikido-belgique.be\/nl\/fijne-vakantie\/\"><span>read more<\/span><\/a><\/div>\t\t\t\t\t\t\t<\/div>\r\n\t\t\t\t\t\t<\/div>\r\n\t\t\t\t\t\r\n\t\t\t\t<\/div>\t\t\t<\/article>\r\n\r\n\t\t\t<\/div>\r\n\t\t<\/div>\r\n<div class=\"grve-empty-space grve-height-1x\" style=\"\"><\/div><div class=\"grve-element grve-align-center\"><a href=\"https:\/\/aikido-belgique.be\/nl\/alle-nieuws\/\" title=\"Toutes les actualit\u00e9s\" class=\"grve-btn grve-btn-medium grve-round grve-bg-primary-1 grve-bg-hover-black\"><span>Meer nieuws<\/span><\/a><\/div><div class=\"grve-empty-space grve-height-4x\" style=\"\"><\/div>[\/vc_column][\/vc_row][vc_row section_type=&#8221;fullwidth&#8221; columns_gap=&#8221;none&#8221; el_class=&#8221;background-newsletter&#8221; el_wrapper_class=&#8221;background-pattern&#8221;][vc_column width=&#8221;1\/4&#8243; tablet_width=&#8221;1-6&#8243;][\/vc_column][vc_column width=&#8221;1\/2&#8243; tablet_width=&#8221;2-3&#8243;]<div class=\"grve-empty-space grve-height-4x\" style=\"\"><\/div><h2 class=\"grve-element grve-title grve-align-center grve-h3\" style=\"\"><span><span style=\"color: white;\">Abonneer je op onze nieuwsbrief<\/span><\/span><\/h2><div class=\"grve-empty-space\" style=\"height: 22px;\"><\/div>[vc_raw_html]JTVCY29udGFjdC1mb3JtLTclMjBpZCUzRCUyMjI3NzclMjIlMjB0aXRsZSUzRCUyMk5ld3NsZXR0ZXIlMjIlNUQ=[\/vc_raw_html]<div class=\"grve-empty-space grve-height-4x\" style=\"\"><\/div>[\/vc_column][vc_column width=&#8221;1\/4&#8243;][\/vc_column][\/vc_row][vc_row section_type=&#8221;fullwidth&#8221; columns_gap=&#8221;60&#8243; tablet_visibility=&#8221;hide&#8221; tablet_sm_visibility=&#8221;hide&#8221; mobile_visibility=&#8221;hide&#8221;][vc_column css=&#8221;.vc_custom_1584364243328{margin-right: 50px !important;margin-left: 50px !important;}&#8221;]<div class=\"grve-empty-space grve-height-4x\" style=\"\"><\/div><h2 class=\"grve-element grve-title grve-align-center grve-h3\" style=\"\"><span>Cursussen<\/span><\/h2><div class=\"grve-empty-space grve-height-1x\" style=\"\"><\/div><div class=\"mec-wrap mec-skin-grid-container  \" id=\"mec_skin_2701\">\n    \n        \n            <div class=\"mec-skin-grid-events-container\" id=\"mec_skin_events_2701\">\n        <div class=\"mec-wrap colorskin-custom\">\n    <div class=\"mec-event-grid-clean\" data-widget-autoplay=\"1\" data-widget-loop=\"1\" data-widget-autoplay-time=\"3000\">\n        <div class=\"row\"><div class=\"col-md-3 col-sm-3\">        <script type=\"application\/ld+json\">\n        {\n            \"@context\": \"http:\/\/schema.org\",\n            \"@type\": \"Event\",\n            \"eventStatus\": \"https:\/\/schema.org\/EventScheduled\",\n            \"startDate\": \"2026-05-03\",\n            \"endDate\": \"2026-05-03\",\n            \"eventAttendanceMode\": \"https:\/\/schema.org\/OfflineEventAttendanceMode\",\n            \"location\":\n            {\n                \"@type\": \"Place\",\n                                \"name\": \"Centre sportif Mounier\",\n                \"image\": \"\",\n                \"address\": \"\"\n                            },\n            \"organizer\":\n            {\n                \"@type\": \"Person\",\n                \"name\": \"UBeA\",\n                \"url\": \"\"\n            },\n            \"offers\":\n            {\n                \"url\": \"https:\/\/www.aikido-belgique.be\/nl\/agenda-genererpar-mec\/federale-stage-a-f-a-956-396-824\/\",\n                \"price\": \"100\",\n                \"priceCurrency\": \"\u20ac\",\n                \"availability\": \"https:\/\/schema.org\/InStock\",\n                \"validFrom\": \"2026-05-03T00:00\"\n            },\n            \"performer\": \"\",\n            \"description\": \"Stage onder leiding van Yoshinobu IRIE Shihan  instructeur bij Hombu Dojo    &lt;strong&gt;&lt;span style=&quot;color: #0000ff;&quot;&gt;&lt;a style=&quot;color: #0000ff;&quot; href=&quot;https:\/\/my.weezevent.com\/stage-international-avec-yoshinobu-irie-1&quot;&gt;Internationale stage met Yoshinobu IRIE&lt;\/a&gt;  &lt;a href=&quot;https:\/\/my.weezevent.com\/diner-de-gala-stage-y-irie?_gl=1*1obrt65*_gcl_au*MTA5MzYyNTU1NS4xNzYxMjE4Mzg3LjUzMTYwMjUxLjE3NjgyMTAyNTUuMTc2ODIxMDI1NQ..*_ga*NDQ3MzgwMDkyLjE3NjgyMTA0ODE.*_ga_39H9VBFX7G*czE3Njg0Njk4NTgkbzIxJGcxJHQxNzY4NDc0NTIyJGo2MCRsMCRoMTg4OTU4MTU4Mg..&quot;&gt;&lt;span style=&quot;color: #ff6600;&quot;&gt;Galadiner in het Tangla Hotel Brussels&lt;\/span&gt;&lt;\/a&gt;  &lt;\/span&gt;&lt;\/strong&gt;\",\n            \"image\": \"https:\/\/www.aikido-belgique.be\/wp-content\/uploads\/2026\/01\/Irie-2026-NL.jpg\",\n            \"name\": \"Internationale stage\",\n            \"url\": \"https:\/\/www.aikido-belgique.be\/nl\/agenda-genererpar-mec\/federale-stage-a-f-a-956-396-824\/\"\n        }\n        <\/script>\n        <article class=\" mec-event-article mec-clear \" itemscope>                    <div class=\"event-grid-t2-head mec-bg-color clearfix\">\n                                    <div class=\"mec-event-month\"><span class=\"mec-start-date-label\" itemprop=\"startDate\">03 mei<\/span><\/div>\n                                                                                            <div class=\"mec-event-detail\">\n                    <div class=\"mec-event-loc-place\">Centre sportif Mounier<\/div>\n                                                                            <\/div>\n            <\/div>\n            <div class=\"mec-event-image\"><a   data-event-id=\"7787\" href=\"https:\/\/www.aikido-belgique.be\/nl\/agenda-genererpar-mec\/federale-stage-a-f-a-956-396-824\/\" target=\"_self\" rel=\"noopener\"><img loading=\"lazy\" decoding=\"async\" width=\"212\" height=\"300\" src=\"https:\/\/www.aikido-belgique.be\/wp-content\/uploads\/2026\/01\/Irie-2026-NL-212x300.jpg\" class=\"attachment-medium size-medium wp-post-image\" alt=\"\" data-mec-postid=\"7787\" srcset=\"https:\/\/www.aikido-belgique.be\/wp-content\/uploads\/2026\/01\/Irie-2026-NL-212x300.jpg 212w, https:\/\/www.aikido-belgique.be\/wp-content\/uploads\/2026\/01\/Irie-2026-NL-724x1024.jpg 724w, https:\/\/www.aikido-belgique.be\/wp-content\/uploads\/2026\/01\/Irie-2026-NL-768x1086.jpg 768w, https:\/\/www.aikido-belgique.be\/wp-content\/uploads\/2026\/01\/Irie-2026-NL-1086x1536.jpg 1086w, https:\/\/www.aikido-belgique.be\/wp-content\/uploads\/2026\/01\/Irie-2026-NL-1357x1920.jpg 1357w, https:\/\/www.aikido-belgique.be\/wp-content\/uploads\/2026\/01\/Irie-2026-NL-600x849.jpg 600w, https:\/\/www.aikido-belgique.be\/wp-content\/uploads\/2026\/01\/Irie-2026-NL.jpg 1414w\" sizes=\"auto, (max-width: 212px) 100vw, 212px\" \/><\/a><\/div>\n            <div class=\"mec-event-content\">\n                                                                <h4 class=\"mec-event-title\"><a class=\"mec-color-hover\"  data-event-id=\"7787\" href=\"https:\/\/www.aikido-belgique.be\/nl\/agenda-genererpar-mec\/federale-stage-a-f-a-956-396-824\/\" target=\"_self\" rel=\"noopener\">Internationale stage<\/a><span class=\"event-color\" style=\"background: #e14d43\"><\/span><\/h4>\n                <p class=\"mec-grid-event-location\"><\/p>\n            <\/div>\n            <div class=\"mec-event-footer mec-color\">\n                                <ul class=\"mec-event-sharing-wrap\">\n                    <li class=\"mec-event-share\">\n                        <a href=\"#\" class=\"mec-event-share-icon\">\n                            <i class=\"mec-sl-share\" title=\"Share\"><\/i>\n                        <\/a>\n                    <\/li>\n                    <li>\n                        <ul class=\"mec-event-sharing\">\n                            <li class=\"mec-event-social-icon\"><a class=\"facebook\" href=\"https:\/\/www.facebook.com\/sharer\/sharer.php?u=https%3A%2F%2Fwww.aikido-belgique.be%2Fnl%2Fagenda-genererpar-mec%2Ffederale-stage-a-f-a-956-396-824%2F\" onclick=\"javascript:window.open(this.href, '', 'menubar=no,toolbar=no,resizable=yes,scrollbars=yes,height=500,width=600'); return false;\" title=\"Deel op Facebook\"><i class=\"mec-fa-facebook\"><\/i><\/a><\/li><li class=\"mec-event-social-icon\"><a class=\"twitter\" href=\"https:\/\/twitter.com\/share?url=https%3A%2F%2Fwww.aikido-belgique.be%2Fnl%2Fagenda-genererpar-mec%2Ffederale-stage-a-f-a-956-396-824%2F\" onclick=\"javascript:window.open(this.href, '', 'menubar=no,toolbar=no,resizable=yes,scrollbars=yes,height=600,width=500'); return false;\" target=\"_blank\" title=\"Tweet\"><i class=\"mec-fa-twitter\"><\/i><\/a><\/li><li class=\"mec-event-social-icon\"><a class=\"linkedin\" href=\"https:\/\/www.linkedin.com\/shareArticle?mini=true&url=https%3A%2F%2Fwww.aikido-belgique.be%2Fnl%2Fagenda-genererpar-mec%2Ffederale-stage-a-f-a-956-396-824%2F\" onclick=\"javascript:window.open(this.href, '', 'menubar=no,toolbar=no,resizable=yes,scrollbars=yes,height=600,width=500'); return false;\" target=\"_blank\" title=\"Linkedin\"><i class=\"mec-fa-linkedin\"><\/i><\/a><\/li><li class=\"mec-event-social-icon\"><a class=\"email\" href=\"mailto:?subject=Internationale stage&body=https%3A%2F%2Fwww.aikido-belgique.be%2Fnl%2Fagenda-genererpar-mec%2Ffederale-stage-a-f-a-956-396-824%2F\" title=\"Email\"><i class=\"mec-fa-envelope\"><\/i><\/a><\/li>                        <\/ul>\n                    <\/li>\n                <\/ul>\n                                                                <a class=\"mec-booking-button\"  data-event-id=\"7787\" href=\"https:\/\/www.aikido-belgique.be\/nl\/agenda-genererpar-mec\/federale-stage-a-f-a-956-396-824\/\" target=\"_self\" rel=\"noopener\">En savoir plus<\/a>            <\/div>\n        <\/article><\/div>                <div class=\"col-md-3 col-sm-3\">        <script type=\"application\/ld+json\">\n        {\n            \"@context\": \"http:\/\/schema.org\",\n            \"@type\": \"Event\",\n            \"eventStatus\": \"https:\/\/schema.org\/EventScheduled\",\n            \"startDate\": \"2026-05-09\",\n            \"endDate\": \"2026-05-09\",\n            \"eventAttendanceMode\": \"https:\/\/schema.org\/OfflineEventAttendanceMode\",\n            \"location\":\n            {\n                \"@type\": \"Place\",\n                                \"name\": \"Kaze Aikido Dojo\",\n                \"image\": \"\",\n                \"address\": \"\"\n                            },\n            \"organizer\":\n            {\n                \"@type\": \"Person\",\n                \"name\": \"\",\n                \"url\": \"\"\n            },\n            \"offers\":\n            {\n                \"url\": \"https:\/\/www.aikido-belgique.be\/nl\/agenda-genererpar-mec\/stage-avec-helene-doue\/\",\n                \"price\": \"\",\n                \"priceCurrency\": \"\u20ac\",\n                \"availability\": \"https:\/\/schema.org\/InStock\",\n                \"validFrom\": \"2026-05-09T00:00\"\n            },\n            \"performer\": \"\",\n            \"description\": \"Stage onder leiding vanH\u00e9l\u00e8ne DOUE  6\u00e8me DAN A\u00efkika\u00ef    &lt;strong&gt;&lt;span style=&quot;color: #0000ff;&quot;&gt;&lt;a href=&quot;https:\/\/my.weezevent.com\/stage-avec-helene-doue&quot;&gt;&lt;span style=&quot;color: #0000ff;&quot;&gt;Aikido stage met H\u00e9l\u00e8ne DOUE&lt;\/span&gt;&lt;\/a&gt;&lt;\/span&gt;&lt;\/strong&gt;\",\n            \"image\": \"https:\/\/www.aikido-belgique.be\/wp-content\/uploads\/2025\/08\/Helene-Doue-NL.png\",\n            \"name\": \"Aikido stage met H\u00e9l\u00e8ne DOUE\",\n            \"url\": \"https:\/\/www.aikido-belgique.be\/nl\/agenda-genererpar-mec\/stage-avec-helene-doue\/\"\n        }\n        <\/script>\n        <article class=\" mec-event-article mec-clear \" itemscope>                    <div class=\"event-grid-t2-head mec-bg-color clearfix\">\n                                    <div class=\"mec-event-month\"><span class=\"mec-start-date-label\" itemprop=\"startDate\">09 mei<\/span><\/div>\n                                                                                            <div class=\"mec-event-detail\">\n                    <div class=\"mec-event-loc-place\">Kaze Aikido Dojo<\/div>\n                                                                            <\/div>\n            <\/div>\n            <div class=\"mec-event-image\"><a   data-event-id=\"7939\" href=\"https:\/\/www.aikido-belgique.be\/nl\/agenda-genererpar-mec\/stage-avec-helene-doue\/\" target=\"_self\" rel=\"noopener\"><img loading=\"lazy\" decoding=\"async\" width=\"212\" height=\"300\" src=\"https:\/\/www.aikido-belgique.be\/wp-content\/uploads\/2025\/08\/Helene-Doue-NL-212x300.png\" class=\"attachment-medium size-medium wp-post-image\" alt=\"\" data-mec-postid=\"7939\" srcset=\"https:\/\/www.aikido-belgique.be\/wp-content\/uploads\/2025\/08\/Helene-Doue-NL-212x300.png 212w, https:\/\/www.aikido-belgique.be\/wp-content\/uploads\/2025\/08\/Helene-Doue-NL-724x1024.png 724w, https:\/\/www.aikido-belgique.be\/wp-content\/uploads\/2025\/08\/Helene-Doue-NL-768x1086.png 768w, https:\/\/www.aikido-belgique.be\/wp-content\/uploads\/2025\/08\/Helene-Doue-NL-1086x1536.png 1086w, https:\/\/www.aikido-belgique.be\/wp-content\/uploads\/2025\/08\/Helene-Doue-NL-600x849.png 600w, https:\/\/www.aikido-belgique.be\/wp-content\/uploads\/2025\/08\/Helene-Doue-NL.png 1414w\" sizes=\"auto, (max-width: 212px) 100vw, 212px\" \/><\/a><\/div>\n            <div class=\"mec-event-content\">\n                                                                <h4 class=\"mec-event-title\"><a class=\"mec-color-hover\"  data-event-id=\"7939\" href=\"https:\/\/www.aikido-belgique.be\/nl\/agenda-genererpar-mec\/stage-avec-helene-doue\/\" target=\"_self\" rel=\"noopener\">Aikido stage met H\u00e9l\u00e8ne DOUE<\/a><span class=\"event-color\" style=\"background: #dd3333\"><\/span><\/h4>\n                <p class=\"mec-grid-event-location\"><\/p>\n            <\/div>\n            <div class=\"mec-event-footer mec-color\">\n                                <ul class=\"mec-event-sharing-wrap\">\n                    <li class=\"mec-event-share\">\n                        <a href=\"#\" class=\"mec-event-share-icon\">\n                            <i class=\"mec-sl-share\" title=\"Share\"><\/i>\n                        <\/a>\n                    <\/li>\n                    <li>\n                        <ul class=\"mec-event-sharing\">\n                            <li class=\"mec-event-social-icon\"><a class=\"facebook\" href=\"https:\/\/www.facebook.com\/sharer\/sharer.php?u=https%3A%2F%2Fwww.aikido-belgique.be%2Fnl%2Fagenda-genererpar-mec%2Fstage-avec-helene-doue%2F\" onclick=\"javascript:window.open(this.href, '', 'menubar=no,toolbar=no,resizable=yes,scrollbars=yes,height=500,width=600'); return false;\" title=\"Deel op Facebook\"><i class=\"mec-fa-facebook\"><\/i><\/a><\/li><li class=\"mec-event-social-icon\"><a class=\"twitter\" href=\"https:\/\/twitter.com\/share?url=https%3A%2F%2Fwww.aikido-belgique.be%2Fnl%2Fagenda-genererpar-mec%2Fstage-avec-helene-doue%2F\" onclick=\"javascript:window.open(this.href, '', 'menubar=no,toolbar=no,resizable=yes,scrollbars=yes,height=600,width=500'); return false;\" target=\"_blank\" title=\"Tweet\"><i class=\"mec-fa-twitter\"><\/i><\/a><\/li><li class=\"mec-event-social-icon\"><a class=\"linkedin\" href=\"https:\/\/www.linkedin.com\/shareArticle?mini=true&url=https%3A%2F%2Fwww.aikido-belgique.be%2Fnl%2Fagenda-genererpar-mec%2Fstage-avec-helene-doue%2F\" onclick=\"javascript:window.open(this.href, '', 'menubar=no,toolbar=no,resizable=yes,scrollbars=yes,height=600,width=500'); return false;\" target=\"_blank\" title=\"Linkedin\"><i class=\"mec-fa-linkedin\"><\/i><\/a><\/li><li class=\"mec-event-social-icon\"><a class=\"email\" href=\"mailto:?subject=Aikido stage met H\u00e9l\u00e8ne DOUE&body=https%3A%2F%2Fwww.aikido-belgique.be%2Fnl%2Fagenda-genererpar-mec%2Fstage-avec-helene-doue%2F\" title=\"Email\"><i class=\"mec-fa-envelope\"><\/i><\/a><\/li>                        <\/ul>\n                    <\/li>\n                <\/ul>\n                                                                <a class=\"mec-booking-button\"  data-event-id=\"7939\" href=\"https:\/\/www.aikido-belgique.be\/nl\/agenda-genererpar-mec\/stage-avec-helene-doue\/\" target=\"_self\" rel=\"noopener\">En savoir plus<\/a>            <\/div>\n        <\/article><\/div>                <div class=\"col-md-3 col-sm-3\">        <script type=\"application\/ld+json\">\n        {\n            \"@context\": \"http:\/\/schema.org\",\n            \"@type\": \"Event\",\n            \"eventStatus\": \"https:\/\/schema.org\/EventScheduled\",\n            \"startDate\": \"2026-05-16\",\n            \"endDate\": \"2026-05-16\",\n            \"eventAttendanceMode\": \"https:\/\/schema.org\/OfflineEventAttendanceMode\",\n            \"location\":\n            {\n                \"@type\": \"Place\",\n                                \"name\": \"Centre Namurois des Sports\",\n                \"image\": \"\",\n                \"address\": \"avenue de Tabora, 21 5000 Namur\"\n                            },\n            \"organizer\":\n            {\n                \"@type\": \"Person\",\n                \"name\": \"UBeA\",\n                \"url\": \"\"\n            },\n            \"offers\":\n            {\n                \"url\": \"https:\/\/www.aikido-belgique.be\/nl\/agenda-genererpar-mec\/cursus-voor-iederen-968-697-701\/\",\n                \"price\": \"\",\n                \"priceCurrency\": \"\u20ac\",\n                \"availability\": \"https:\/\/schema.org\/InStock\",\n                \"validFrom\": \"2026-05-16T00:00\"\n            },\n            \"performer\": \"\",\n            \"description\": \"Cursus voor iederen onder leiding van Robert DE BOCK\",\n            \"image\": \"\",\n            \"name\": \"Cursus voor iederen\",\n            \"url\": \"https:\/\/www.aikido-belgique.be\/nl\/agenda-genererpar-mec\/cursus-voor-iederen-968-697-701\/\"\n        }\n        <\/script>\n        <article class=\" mec-event-article mec-clear \" itemscope>                    <div class=\"event-grid-t2-head mec-bg-color clearfix\">\n                                    <div class=\"mec-event-month\"><span class=\"mec-start-date-label\" itemprop=\"startDate\">16 mei<\/span><\/div>\n                                                                                            <div class=\"mec-event-detail\">\n                    <div class=\"mec-event-loc-place\">Centre Namurois des Sports<\/div>\n                                                                            <\/div>\n            <\/div>\n            <div class=\"mec-event-image\"><a   data-event-id=\"7781\" href=\"https:\/\/www.aikido-belgique.be\/nl\/agenda-genererpar-mec\/cursus-voor-iederen-968-697-701\/\" target=\"_self\" rel=\"noopener\"><\/a><\/div>\n            <div class=\"mec-event-content\">\n                                                                <h4 class=\"mec-event-title\"><a class=\"mec-color-hover\"  data-event-id=\"7781\" href=\"https:\/\/www.aikido-belgique.be\/nl\/agenda-genererpar-mec\/cursus-voor-iederen-968-697-701\/\" target=\"_self\" rel=\"noopener\">Cursus voor iederen<\/a><span class=\"event-color\" style=\"background: #fdd700\"><\/span><\/h4>\n                <p class=\"mec-grid-event-location\">avenue de Tabora, 21 5000 Namur<\/p>\n            <\/div>\n            <div class=\"mec-event-footer mec-color\">\n                                <ul class=\"mec-event-sharing-wrap\">\n                    <li class=\"mec-event-share\">\n                        <a href=\"#\" class=\"mec-event-share-icon\">\n                            <i class=\"mec-sl-share\" title=\"Share\"><\/i>\n                        <\/a>\n                    <\/li>\n                    <li>\n                        <ul class=\"mec-event-sharing\">\n                            <li class=\"mec-event-social-icon\"><a class=\"facebook\" href=\"https:\/\/www.facebook.com\/sharer\/sharer.php?u=https%3A%2F%2Fwww.aikido-belgique.be%2Fnl%2Fagenda-genererpar-mec%2Fcursus-voor-iederen-968-697-701%2F\" onclick=\"javascript:window.open(this.href, '', 'menubar=no,toolbar=no,resizable=yes,scrollbars=yes,height=500,width=600'); return false;\" title=\"Deel op Facebook\"><i class=\"mec-fa-facebook\"><\/i><\/a><\/li><li class=\"mec-event-social-icon\"><a class=\"twitter\" href=\"https:\/\/twitter.com\/share?url=https%3A%2F%2Fwww.aikido-belgique.be%2Fnl%2Fagenda-genererpar-mec%2Fcursus-voor-iederen-968-697-701%2F\" onclick=\"javascript:window.open(this.href, '', 'menubar=no,toolbar=no,resizable=yes,scrollbars=yes,height=600,width=500'); return false;\" target=\"_blank\" title=\"Tweet\"><i class=\"mec-fa-twitter\"><\/i><\/a><\/li><li class=\"mec-event-social-icon\"><a class=\"linkedin\" href=\"https:\/\/www.linkedin.com\/shareArticle?mini=true&url=https%3A%2F%2Fwww.aikido-belgique.be%2Fnl%2Fagenda-genererpar-mec%2Fcursus-voor-iederen-968-697-701%2F\" onclick=\"javascript:window.open(this.href, '', 'menubar=no,toolbar=no,resizable=yes,scrollbars=yes,height=600,width=500'); return false;\" target=\"_blank\" title=\"Linkedin\"><i class=\"mec-fa-linkedin\"><\/i><\/a><\/li><li class=\"mec-event-social-icon\"><a class=\"email\" href=\"mailto:?subject=Cursus voor iederen&body=https%3A%2F%2Fwww.aikido-belgique.be%2Fnl%2Fagenda-genererpar-mec%2Fcursus-voor-iederen-968-697-701%2F\" title=\"Email\"><i class=\"mec-fa-envelope\"><\/i><\/a><\/li>                        <\/ul>\n                    <\/li>\n                <\/ul>\n                                                                <a class=\"mec-booking-button\"  data-event-id=\"7781\" href=\"https:\/\/www.aikido-belgique.be\/nl\/agenda-genererpar-mec\/cursus-voor-iederen-968-697-701\/\" target=\"_self\" rel=\"noopener\">En savoir plus<\/a>            <\/div>\n        <\/article><\/div>        <div class=\"col-md-3 col-sm-3\">        <script type=\"application\/ld+json\">\n        {\n            \"@context\": \"http:\/\/schema.org\",\n            \"@type\": \"Event\",\n            \"eventStatus\": \"https:\/\/schema.org\/EventScheduled\",\n            \"startDate\": \"2026-05-16\",\n            \"endDate\": \"2026-05-16\",\n            \"eventAttendanceMode\": \"https:\/\/schema.org\/OfflineEventAttendanceMode\",\n            \"location\":\n            {\n                \"@type\": \"Place\",\n                                \"name\": \"Centre Namurois des Sports\",\n                \"image\": \"\",\n                \"address\": \"\"\n                            },\n            \"organizer\":\n            {\n                \"@type\": \"Person\",\n                \"name\": \"UBeA\",\n                \"url\": \"\"\n            },\n            \"offers\":\n            {\n                \"url\": \"https:\/\/www.aikido-belgique.be\/nl\/agenda-genererpar-mec\/dan-cursus-3-933-289-139\/\",\n                \"price\": \"\",\n                \"priceCurrency\": \"\u20ac\",\n                \"availability\": \"https:\/\/schema.org\/InStock\",\n                \"validFrom\": \"2026-05-16T00:00\"\n            },\n            \"performer\": \"\",\n            \"description\": \"DAN cursus onder leiding van Jean BURNAY Shihan\",\n            \"image\": \"\",\n            \"name\": \"DAN Cursus\",\n            \"url\": \"https:\/\/www.aikido-belgique.be\/nl\/agenda-genererpar-mec\/dan-cursus-3-933-289-139\/\"\n        }\n        <\/script>\n        <article class=\" mec-event-article mec-clear \" itemscope>                    <div class=\"event-grid-t2-head mec-bg-color clearfix\">\n                                    <div class=\"mec-event-month\"><span class=\"mec-start-date-label\" itemprop=\"startDate\">16 mei<\/span><\/div>\n                                                                                            <div class=\"mec-event-detail\">\n                    <div class=\"mec-event-loc-place\">Centre Namurois des Sports<\/div>\n                                                                            <\/div>\n            <\/div>\n            <div class=\"mec-event-image\"><a   data-event-id=\"7782\" href=\"https:\/\/www.aikido-belgique.be\/nl\/agenda-genererpar-mec\/dan-cursus-3-933-289-139\/\" target=\"_self\" rel=\"noopener\"><\/a><\/div>\n            <div class=\"mec-event-content\">\n                                                                <h4 class=\"mec-event-title\"><a class=\"mec-color-hover\"  data-event-id=\"7782\" href=\"https:\/\/www.aikido-belgique.be\/nl\/agenda-genererpar-mec\/dan-cursus-3-933-289-139\/\" target=\"_self\" rel=\"noopener\">DAN Cursus<\/a><span class=\"event-color\" style=\"background: #dd3333\"><\/span><\/h4>\n                <p class=\"mec-grid-event-location\"><\/p>\n            <\/div>\n            <div class=\"mec-event-footer mec-color\">\n                                <ul class=\"mec-event-sharing-wrap\">\n                    <li class=\"mec-event-share\">\n                        <a href=\"#\" class=\"mec-event-share-icon\">\n                            <i class=\"mec-sl-share\" title=\"Share\"><\/i>\n                        <\/a>\n                    <\/li>\n                    <li>\n                        <ul class=\"mec-event-sharing\">\n                            <li class=\"mec-event-social-icon\"><a class=\"facebook\" href=\"https:\/\/www.facebook.com\/sharer\/sharer.php?u=https%3A%2F%2Fwww.aikido-belgique.be%2Fnl%2Fagenda-genererpar-mec%2Fdan-cursus-3-933-289-139%2F\" onclick=\"javascript:window.open(this.href, '', 'menubar=no,toolbar=no,resizable=yes,scrollbars=yes,height=500,width=600'); return false;\" title=\"Deel op Facebook\"><i class=\"mec-fa-facebook\"><\/i><\/a><\/li><li class=\"mec-event-social-icon\"><a class=\"twitter\" href=\"https:\/\/twitter.com\/share?url=https%3A%2F%2Fwww.aikido-belgique.be%2Fnl%2Fagenda-genererpar-mec%2Fdan-cursus-3-933-289-139%2F\" onclick=\"javascript:window.open(this.href, '', 'menubar=no,toolbar=no,resizable=yes,scrollbars=yes,height=600,width=500'); return false;\" target=\"_blank\" title=\"Tweet\"><i class=\"mec-fa-twitter\"><\/i><\/a><\/li><li class=\"mec-event-social-icon\"><a class=\"linkedin\" href=\"https:\/\/www.linkedin.com\/shareArticle?mini=true&url=https%3A%2F%2Fwww.aikido-belgique.be%2Fnl%2Fagenda-genererpar-mec%2Fdan-cursus-3-933-289-139%2F\" onclick=\"javascript:window.open(this.href, '', 'menubar=no,toolbar=no,resizable=yes,scrollbars=yes,height=600,width=500'); return false;\" target=\"_blank\" title=\"Linkedin\"><i class=\"mec-fa-linkedin\"><\/i><\/a><\/li><li class=\"mec-event-social-icon\"><a class=\"email\" href=\"mailto:?subject=DAN Cursus&body=https%3A%2F%2Fwww.aikido-belgique.be%2Fnl%2Fagenda-genererpar-mec%2Fdan-cursus-3-933-289-139%2F\" title=\"Email\"><i class=\"mec-fa-envelope\"><\/i><\/a><\/li>                        <\/ul>\n                    <\/li>\n                <\/ul>\n                                                                <a class=\"mec-booking-button\"  data-event-id=\"7782\" href=\"https:\/\/www.aikido-belgique.be\/nl\/agenda-genererpar-mec\/dan-cursus-3-933-289-139\/\" target=\"_self\" rel=\"noopener\">En savoir plus<\/a>            <\/div>\n        <\/article><\/div><\/div>                        \t<\/div>\n<\/div>\n\n    <\/div>\n    <div class=\"mec-skin-grid-no-events-container mec-util-hidden\" id=\"mec_skin_no_events_2701\">\n        Geen evenementen gevonden!    <\/div>\n        \n        \n<\/div><div class=\"grve-empty-space grve-height-1x\" style=\"\"><\/div><div class=\"grve-element grve-align-center\"><a href=\"https:\/\/aikido-belgique.be\/nl\/agenda-en-stages\/\" title=\"Agenda et Stages\" class=\"grve-btn grve-btn-medium grve-round grve-bg-primary-1 grve-bg-hover-black\"><span>Meer cursussen<\/span><\/a><\/div><div class=\"grve-empty-space grve-height-4x\" style=\"\"><\/div>[\/vc_column][\/vc_row][vc_row section_type=&#8221;fullwidth&#8221; bg_type=&#8221;color&#8221; bg_color=&#8221;#dae5ed&#8221; el_class=&#8221;section-federation&#8221;][vc_column width=&#8221;1\/2&#8243; tablet_sm_width=&#8221;1-12&#8243;][\/vc_column][vc_column width=&#8221;1\/2&#8243; tablet_width=&#8221;1-2&#8243; tablet_sm_width=&#8221;5-6&#8243;]<div class=\"grve-empty-space\" style=\"height: 150px;\"><\/div><h2 class=\"grve-element grve-title grve-align-left grve-h3\" style=\"\"><span>Onze federatie<\/span><\/h2><div class=\"grve-empty-space grve-height-1x\" style=\"\"><\/div>[vc_column_text]De Belgische Aikido Unie is lid van :<br \/>\n&#8211; A\u00efkika\u00ef Stichting A\u00efkido Wereld Hoofdkwartier<br \/>\n&#8211; Europese Aikido Federatie<br \/>\n&#8211; A\u00efkika\u00ef So Honbu de Belgique, Federatie erkend door wijlen Ueshiba Morihei O Sense\u00ef sinds 1961[\/vc_column_text]<div class=\"grve-empty-space grve-height-1x\" style=\"\"><\/div>[vc_row_inner][vc_column_inner width=&#8221;1\/3&#8243; mobile_width=&#8221;1-3&#8243;]<div class=\"grve-element grve-image grve-align-center\" style=\"\">  <div class=\"grve-image-wrapper\"><img loading=\"lazy\" decoding=\"async\" width=\"161\" height=\"168\" src=\"https:\/\/www.aikido-belgique.be\/wp-content\/uploads\/2020\/04\/hombu-1-e1588601926228.png\" class=\"attachment-full size-full\" alt=\"\" \/>   <\/div><\/div>[\/vc_column_inner][vc_column_inner width=&#8221;1\/3&#8243; mobile_width=&#8221;1-3&#8243;]<div class=\"grve-element grve-image grve-align-center\" style=\"\">  <div class=\"grve-image-wrapper\"><img loading=\"lazy\" decoding=\"async\" width=\"147\" height=\"143\" src=\"https:\/\/www.aikido-belgique.be\/wp-content\/uploads\/2020\/02\/logo-e1596804538299.png\" class=\"attachment-full size-full\" alt=\"\" \/>   <\/div><\/div>[\/vc_column_inner][vc_column_inner width=&#8221;1\/3&#8243; mobile_width=&#8221;1-3&#8243;]<div class=\"grve-element grve-image grve-align-center\" style=\"\">  <div class=\"grve-image-wrapper\"><img loading=\"lazy\" decoding=\"async\" width=\"133\" height=\"132\" src=\"https:\/\/www.aikido-belgique.be\/wp-content\/uploads\/2020\/02\/logo-bot.png\" class=\"attachment-full size-full\" alt=\"\" srcset=\"https:\/\/www.aikido-belgique.be\/wp-content\/uploads\/2020\/02\/logo-bot.png 133w, https:\/\/www.aikido-belgique.be\/wp-content\/uploads\/2020\/02\/logo-bot-100x100.png 100w\" sizes=\"auto, (max-width: 133px) 100vw, 133px\" \/>   <\/div><\/div>[\/vc_column_inner][\/vc_row_inner]<div class=\"grve-empty-space grve-height-1x\" style=\"\"><\/div><div class=\"grve-element grve-align-left\"><a href=\"https:\/\/aikido-belgique.be\/nl\/u-be-a-nl\/\" title=\"U.Be.A.\" class=\"grve-btn grve-btn-small grve-round grve-bg-primary-2 grve-bg-hover-black\"><span>Lees meer over de federatie...<\/span><\/a><\/div><div class=\"grve-empty-space\" style=\"height: 80px;\"><\/div>[\/vc_column][\/vc_row][vc_row section_type=&#8221;fullwidth&#8221;][vc_column]<div class=\"grve-empty-space grve-height-4x\" style=\"\"><\/div><h2 class=\"grve-element grve-title grve-align-center grve-h3\" style=\"\"><span>Foto&#8217;s<\/span><\/h2><div class=\"grve-empty-space grve-height-1x\" style=\"\"><\/div>[\/vc_column][vc_column]<div class=\"grve-element grve-gallery grve-isotope grve-gallery-popup grve-with-gap\" style=\"\" data-columns=\"4\" data-columns-large-screen=\"4\" data-columns-tablet-landscape=\"2\" data-columns-tablet-portrait=\"2\" data-columns-mobile=\"1\" data-layout=\"fitRows\" data-gutter-size=\"40\">  <div class=\"grve-isotope-container\"><div class=\"grve-isotope-item grve-hover-item grve-hover-style-none\"><div class=\"grve-isotope-item-inner grve-zoom-in\">  <figure class=\"grve-image-hover\">    <a class=\"grve-item-url\" href=\"https:\/\/www.aikido-belgique.be\/wp-content\/uploads\/2021\/11\/IMG_1025-Copier.jpg\" ><\/a>    <div class=\"grve-hover-overlay grve-bg-light grve-opacity-90\"><\/div><div class=\"grve-media\"><img loading=\"lazy\" decoding=\"async\" width=\"373\" height=\"560\" src=\"https:\/\/www.aikido-belgique.be\/wp-content\/uploads\/2021\/11\/IMG_1025-Copier.jpg\" class=\"attachment-movedo-grve-small-square size-movedo-grve-small-square\" alt=\"\" srcset=\"https:\/\/www.aikido-belgique.be\/wp-content\/uploads\/2021\/11\/IMG_1025-Copier.jpg 720w, https:\/\/www.aikido-belgique.be\/wp-content\/uploads\/2021\/11\/IMG_1025-Copier-200x300.jpg 200w, https:\/\/www.aikido-belgique.be\/wp-content\/uploads\/2021\/11\/IMG_1025-Copier-683x1024.jpg 683w, https:\/\/www.aikido-belgique.be\/wp-content\/uploads\/2021\/11\/IMG_1025-Copier-600x900.jpg 600w\" sizes=\"auto, (max-width: 373px) 100vw, 373px\" \/><\/div>  <\/figure><\/div><\/div><div class=\"grve-isotope-item grve-hover-item grve-hover-style-none\"><div class=\"grve-isotope-item-inner grve-zoom-in\">  <figure class=\"grve-image-hover\">    <a class=\"grve-item-url\" href=\"https:\/\/www.aikido-belgique.be\/wp-content\/uploads\/2021\/11\/IMG_0885-Copier.jpg\" ><\/a>    <div class=\"grve-hover-overlay grve-bg-light grve-opacity-90\"><\/div><div class=\"grve-media\"><img loading=\"lazy\" decoding=\"async\" width=\"560\" height=\"373\" src=\"https:\/\/www.aikido-belgique.be\/wp-content\/uploads\/2021\/11\/IMG_0885-Copier.jpg\" class=\"attachment-movedo-grve-small-square size-movedo-grve-small-square\" alt=\"\" srcset=\"https:\/\/www.aikido-belgique.be\/wp-content\/uploads\/2021\/11\/IMG_0885-Copier.jpg 1620w, https:\/\/www.aikido-belgique.be\/wp-content\/uploads\/2021\/11\/IMG_0885-Copier-300x200.jpg 300w, https:\/\/www.aikido-belgique.be\/wp-content\/uploads\/2021\/11\/IMG_0885-Copier-1024x683.jpg 1024w, https:\/\/www.aikido-belgique.be\/wp-content\/uploads\/2021\/11\/IMG_0885-Copier-768x512.jpg 768w, https:\/\/www.aikido-belgique.be\/wp-content\/uploads\/2021\/11\/IMG_0885-Copier-391x260.jpg 391w, https:\/\/www.aikido-belgique.be\/wp-content\/uploads\/2021\/11\/IMG_0885-Copier-1536x1024.jpg 1536w, https:\/\/www.aikido-belgique.be\/wp-content\/uploads\/2021\/11\/IMG_0885-Copier-600x400.jpg 600w\" sizes=\"auto, (max-width: 560px) 100vw, 560px\" \/><\/div>  <\/figure><\/div><\/div><div class=\"grve-isotope-item grve-hover-item grve-hover-style-none\"><div class=\"grve-isotope-item-inner grve-zoom-in\">  <figure class=\"grve-image-hover\">    <a class=\"grve-item-url\" href=\"https:\/\/www.aikido-belgique.be\/wp-content\/uploads\/2021\/11\/IMG_0807-Copier.jpg\" ><\/a>    <div class=\"grve-hover-overlay grve-bg-light grve-opacity-90\"><\/div><div class=\"grve-media\"><img loading=\"lazy\" decoding=\"async\" width=\"560\" height=\"373\" src=\"https:\/\/www.aikido-belgique.be\/wp-content\/uploads\/2021\/11\/IMG_0807-Copier.jpg\" class=\"attachment-movedo-grve-small-square size-movedo-grve-small-square\" alt=\"\" srcset=\"https:\/\/www.aikido-belgique.be\/wp-content\/uploads\/2021\/11\/IMG_0807-Copier.jpg 1620w, https:\/\/www.aikido-belgique.be\/wp-content\/uploads\/2021\/11\/IMG_0807-Copier-300x200.jpg 300w, https:\/\/www.aikido-belgique.be\/wp-content\/uploads\/2021\/11\/IMG_0807-Copier-1024x683.jpg 1024w, https:\/\/www.aikido-belgique.be\/wp-content\/uploads\/2021\/11\/IMG_0807-Copier-768x512.jpg 768w, https:\/\/www.aikido-belgique.be\/wp-content\/uploads\/2021\/11\/IMG_0807-Copier-391x260.jpg 391w, https:\/\/www.aikido-belgique.be\/wp-content\/uploads\/2021\/11\/IMG_0807-Copier-1536x1024.jpg 1536w, https:\/\/www.aikido-belgique.be\/wp-content\/uploads\/2021\/11\/IMG_0807-Copier-600x400.jpg 600w\" sizes=\"auto, (max-width: 560px) 100vw, 560px\" \/><\/div>  <\/figure><\/div><\/div><div class=\"grve-isotope-item grve-hover-item grve-hover-style-none\"><div class=\"grve-isotope-item-inner grve-zoom-in\">  <figure class=\"grve-image-hover\">    <a class=\"grve-item-url\" href=\"https:\/\/www.aikido-belgique.be\/wp-content\/uploads\/2021\/11\/IMG_0952-Copier.jpg\" ><\/a>    <div class=\"grve-hover-overlay grve-bg-light grve-opacity-90\"><\/div><div class=\"grve-media\"><img loading=\"lazy\" decoding=\"async\" width=\"560\" height=\"373\" src=\"https:\/\/www.aikido-belgique.be\/wp-content\/uploads\/2021\/11\/IMG_0952-Copier.jpg\" class=\"attachment-movedo-grve-small-square size-movedo-grve-small-square\" alt=\"\" srcset=\"https:\/\/www.aikido-belgique.be\/wp-content\/uploads\/2021\/11\/IMG_0952-Copier.jpg 1620w, https:\/\/www.aikido-belgique.be\/wp-content\/uploads\/2021\/11\/IMG_0952-Copier-300x200.jpg 300w, https:\/\/www.aikido-belgique.be\/wp-content\/uploads\/2021\/11\/IMG_0952-Copier-1024x683.jpg 1024w, https:\/\/www.aikido-belgique.be\/wp-content\/uploads\/2021\/11\/IMG_0952-Copier-768x512.jpg 768w, https:\/\/www.aikido-belgique.be\/wp-content\/uploads\/2021\/11\/IMG_0952-Copier-391x260.jpg 391w, https:\/\/www.aikido-belgique.be\/wp-content\/uploads\/2021\/11\/IMG_0952-Copier-1536x1024.jpg 1536w, https:\/\/www.aikido-belgique.be\/wp-content\/uploads\/2021\/11\/IMG_0952-Copier-600x400.jpg 600w\" sizes=\"auto, (max-width: 560px) 100vw, 560px\" \/><\/div>  <\/figure><\/div><\/div><div class=\"grve-isotope-item grve-hover-item grve-hover-style-none\"><div class=\"grve-isotope-item-inner grve-zoom-in\">  <figure class=\"grve-image-hover\">    <a class=\"grve-item-url\" href=\"https:\/\/www.aikido-belgique.be\/wp-content\/uploads\/2021\/11\/IMG_0878-Copier.jpg\" ><\/a>    <div class=\"grve-hover-overlay grve-bg-light grve-opacity-90\"><\/div><div class=\"grve-media\"><img loading=\"lazy\" decoding=\"async\" width=\"560\" height=\"462\" src=\"https:\/\/www.aikido-belgique.be\/wp-content\/uploads\/2021\/11\/IMG_0878-Copier.jpg\" class=\"attachment-movedo-grve-small-square size-movedo-grve-small-square\" alt=\"\" srcset=\"https:\/\/www.aikido-belgique.be\/wp-content\/uploads\/2021\/11\/IMG_0878-Copier.jpg 1308w, https:\/\/www.aikido-belgique.be\/wp-content\/uploads\/2021\/11\/IMG_0878-Copier-300x248.jpg 300w, https:\/\/www.aikido-belgique.be\/wp-content\/uploads\/2021\/11\/IMG_0878-Copier-1024x846.jpg 1024w, https:\/\/www.aikido-belgique.be\/wp-content\/uploads\/2021\/11\/IMG_0878-Copier-768x634.jpg 768w, https:\/\/www.aikido-belgique.be\/wp-content\/uploads\/2021\/11\/IMG_0878-Copier-600x495.jpg 600w\" sizes=\"auto, (max-width: 560px) 100vw, 560px\" \/><\/div>  <\/figure><\/div><\/div><div class=\"grve-isotope-item grve-hover-item grve-hover-style-none\"><div class=\"grve-isotope-item-inner grve-zoom-in\">  <figure class=\"grve-image-hover\">    <a class=\"grve-item-url\" href=\"https:\/\/www.aikido-belgique.be\/wp-content\/uploads\/2021\/11\/IMG_0963-Copier.jpg\" ><\/a>    <div class=\"grve-hover-overlay grve-bg-light grve-opacity-90\"><\/div><div class=\"grve-media\"><img loading=\"lazy\" decoding=\"async\" width=\"560\" height=\"373\" src=\"https:\/\/www.aikido-belgique.be\/wp-content\/uploads\/2021\/11\/IMG_0963-Copier.jpg\" class=\"attachment-movedo-grve-small-square size-movedo-grve-small-square\" alt=\"\" srcset=\"https:\/\/www.aikido-belgique.be\/wp-content\/uploads\/2021\/11\/IMG_0963-Copier.jpg 1620w, https:\/\/www.aikido-belgique.be\/wp-content\/uploads\/2021\/11\/IMG_0963-Copier-300x200.jpg 300w, https:\/\/www.aikido-belgique.be\/wp-content\/uploads\/2021\/11\/IMG_0963-Copier-1024x683.jpg 1024w, https:\/\/www.aikido-belgique.be\/wp-content\/uploads\/2021\/11\/IMG_0963-Copier-768x512.jpg 768w, https:\/\/www.aikido-belgique.be\/wp-content\/uploads\/2021\/11\/IMG_0963-Copier-391x260.jpg 391w, https:\/\/www.aikido-belgique.be\/wp-content\/uploads\/2021\/11\/IMG_0963-Copier-1536x1024.jpg 1536w, https:\/\/www.aikido-belgique.be\/wp-content\/uploads\/2021\/11\/IMG_0963-Copier-600x400.jpg 600w\" sizes=\"auto, (max-width: 560px) 100vw, 560px\" \/><\/div>  <\/figure><\/div><\/div><div class=\"grve-isotope-item grve-hover-item grve-hover-style-none\"><div class=\"grve-isotope-item-inner grve-zoom-in\">  <figure class=\"grve-image-hover\">    <a class=\"grve-item-url\" href=\"https:\/\/www.aikido-belgique.be\/wp-content\/uploads\/2021\/11\/IMG_0686-Copier.jpg\" ><\/a>    <div class=\"grve-hover-overlay grve-bg-light grve-opacity-90\"><\/div><div class=\"grve-media\"><img loading=\"lazy\" decoding=\"async\" width=\"560\" height=\"503\" src=\"https:\/\/www.aikido-belgique.be\/wp-content\/uploads\/2021\/11\/IMG_0686-Copier.jpg\" class=\"attachment-movedo-grve-small-square size-movedo-grve-small-square\" alt=\"\" srcset=\"https:\/\/www.aikido-belgique.be\/wp-content\/uploads\/2021\/11\/IMG_0686-Copier.jpg 1203w, https:\/\/www.aikido-belgique.be\/wp-content\/uploads\/2021\/11\/IMG_0686-Copier-300x269.jpg 300w, https:\/\/www.aikido-belgique.be\/wp-content\/uploads\/2021\/11\/IMG_0686-Copier-1024x919.jpg 1024w, https:\/\/www.aikido-belgique.be\/wp-content\/uploads\/2021\/11\/IMG_0686-Copier-768x689.jpg 768w, https:\/\/www.aikido-belgique.be\/wp-content\/uploads\/2021\/11\/IMG_0686-Copier-600x539.jpg 600w\" sizes=\"auto, (max-width: 560px) 100vw, 560px\" \/><\/div>  <\/figure><\/div><\/div><div class=\"grve-isotope-item grve-hover-item grve-hover-style-none\"><div class=\"grve-isotope-item-inner grve-zoom-in\">  <figure class=\"grve-image-hover\">    <a class=\"grve-item-url\" href=\"https:\/\/www.aikido-belgique.be\/wp-content\/uploads\/2021\/11\/IMG_0663-Copier.jpg\" ><\/a>    <div class=\"grve-hover-overlay grve-bg-light grve-opacity-90\"><\/div><div class=\"grve-media\"><img loading=\"lazy\" decoding=\"async\" width=\"560\" height=\"373\" src=\"https:\/\/www.aikido-belgique.be\/wp-content\/uploads\/2021\/11\/IMG_0663-Copier.jpg\" class=\"attachment-movedo-grve-small-square size-movedo-grve-small-square\" alt=\"\" srcset=\"https:\/\/www.aikido-belgique.be\/wp-content\/uploads\/2021\/11\/IMG_0663-Copier.jpg 1620w, https:\/\/www.aikido-belgique.be\/wp-content\/uploads\/2021\/11\/IMG_0663-Copier-300x200.jpg 300w, https:\/\/www.aikido-belgique.be\/wp-content\/uploads\/2021\/11\/IMG_0663-Copier-1024x683.jpg 1024w, https:\/\/www.aikido-belgique.be\/wp-content\/uploads\/2021\/11\/IMG_0663-Copier-768x512.jpg 768w, https:\/\/www.aikido-belgique.be\/wp-content\/uploads\/2021\/11\/IMG_0663-Copier-391x260.jpg 391w, https:\/\/www.aikido-belgique.be\/wp-content\/uploads\/2021\/11\/IMG_0663-Copier-1536x1024.jpg 1536w, https:\/\/www.aikido-belgique.be\/wp-content\/uploads\/2021\/11\/IMG_0663-Copier-600x400.jpg 600w\" sizes=\"auto, (max-width: 560px) 100vw, 560px\" \/><\/div>  <\/figure><\/div><\/div>  <\/div><\/div>[\/vc_column][vc_column]<div class=\"grve-empty-space grve-height-1x\" style=\"\"><\/div><div class=\"grve-element grve-align-center\"><a href=\"https:\/\/aikido-belgique.be\/nl\/photo-nl\/\" title=\"Photo\" class=\"grve-btn grve-btn-medium grve-round grve-bg-primary-1 grve-bg-hover-black\"><span>Alle foto's<\/span><\/a><\/div><div class=\"grve-empty-space grve-height-4x\" style=\"\"><\/div>[\/vc_column][\/vc_row][vc_row el_id=&#8221;&#8221; css=&#8221;&#8221;][vc_column][vc_row_inner][\/vc_row_inner][\/vc_column][\/vc_row]<\/p>\n<\/div>","protected":false},"excerpt":{"rendered":"<p>[vc_row section_type=&#8221;fullwidth&#8221; section_full_height=&#8221;fullheight&#8221; bg_type=&#8221;image&#8221; bg_image=&#8221;3247&#8243; color_overlay=&#8221;primary-2&#8243; opacity_overlay=&#8221;50&#8243; el_class=&#8221;header__background&#8221;][vc_column width=&#8221;1\/3&#8243;][\/vc_column][vc_column width=&#8221;1\/3&#8243; tablet_width=&#8221;1-2&#8243; tablet_sm_width=&#8221;2-3&#8243;][vc_column_text] Welkom op de website van [\/vc_column_text][vc_column_text]Ontdek Aikido, ontdek de clubs bij jou in de buurt en schrijf je in voor onze cursussen.[\/vc_column_text][vc_row_inner][vc_column_inner width=&#8221;1\/2&#8243; mobile_width=&#8221;1-2&#8243;][\/vc_column_inner][vc_column_inner width=&#8221;1\/2&#8243; mobile_width=&#8221;1-2&#8243;][\/vc_column_inner][\/vc_row_inner][\/vc_column][vc_column width=&#8221;1\/3&#8243;][vc_column_text css=&#8221;&#8221;]Next International seminar[\/vc_column_text][vc_tta_accordion active_section=&#8221;1&#8243;][vc_tta_section title=&#8221;Mai\/Mei\/May: Yoshinobu IRIE&#8221; tab_id=&#8221;1769078352002-88195d44-a08e&#8221;][\/vc_tta_section][vc_tta_section title=&#8221;Mars\/March\/Maart: Brahim Si Guesmi&#8221; tab_id=&#8221;1769079315093-12f93998-d4ad&#8221;][\/vc_tta_section][vc_tta_section title=&#8221;Mai\/Mei\/May: H\u00e9l\u00e8ne Dou\u00e9&#8221; [&hellip;]<\/p>\n","protected":false},"author":53,"featured_media":0,"parent":0,"menu_order":0,"comment_status":"closed","ping_status":"closed","template":"","meta":{"footnotes":""},"class_list":["post-5854","page","type-page","status-publish","hentry"],"yoast_head":"<!-- This site is optimized with the Yoast SEO plugin v26.7 - https:\/\/yoast.com\/wordpress\/plugins\/seo\/ -->\n<title>Welkom - U.Be.A. - Union Belge d&#039;A\u00efkido<\/title>\n<meta name=\"robots\" content=\"index, follow, max-snippet:-1, max-image-preview:large, max-video-preview:-1\" \/>\n<link rel=\"canonical\" href=\"https:\/\/www.aikido-belgique.be\/nl\/\" \/>\n<meta property=\"og:locale\" content=\"nl_NL\" \/>\n<meta property=\"og:type\" content=\"article\" \/>\n<meta property=\"og:title\" content=\"Welkom - U.Be.A. - Union Belge d&#039;A\u00efkido\" \/>\n<meta property=\"og:description\" content=\"[vc_row section_type=&#8221;fullwidth&#8221; section_full_height=&#8221;fullheight&#8221; bg_type=&#8221;image&#8221; bg_image=&#8221;3247&#8243; color_overlay=&#8221;primary-2&#8243; opacity_overlay=&#8221;50&#8243; el_class=&#8221;header__background&#8221;][vc_column width=&#8221;1\/3&#8243;][\/vc_column][vc_column width=&#8221;1\/3&#8243; tablet_width=&#8221;1-2&#8243; tablet_sm_width=&#8221;2-3&#8243;][vc_column_text] Welkom op de website van [\/vc_column_text][vc_column_text]Ontdek Aikido, ontdek de clubs bij jou in de buurt en schrijf je in voor onze cursussen.[\/vc_column_text][vc_row_inner][vc_column_inner width=&#8221;1\/2&#8243; mobile_width=&#8221;1-2&#8243;][\/vc_column_inner][vc_column_inner width=&#8221;1\/2&#8243; mobile_width=&#8221;1-2&#8243;][\/vc_column_inner][\/vc_row_inner][\/vc_column][vc_column width=&#8221;1\/3&#8243;][vc_column_text css=&#8221;&#8221;]Next International seminar[\/vc_column_text][vc_tta_accordion active_section=&#8221;1&#8243;][vc_tta_section title=&#8221;Mai\/Mei\/May: Yoshinobu IRIE&#8221; tab_id=&#8221;1769078352002-88195d44-a08e&#8221;][\/vc_tta_section][vc_tta_section title=&#8221;Mars\/March\/Maart: Brahim Si Guesmi&#8221; tab_id=&#8221;1769079315093-12f93998-d4ad&#8221;][\/vc_tta_section][vc_tta_section title=&#8221;Mai\/Mei\/May: H\u00e9l\u00e8ne Dou\u00e9&#8221; [&hellip;]\" \/>\n<meta property=\"og:url\" content=\"https:\/\/www.aikido-belgique.be\/nl\/\" \/>\n<meta property=\"og:site_name\" content=\"U.Be.A. - Union Belge d&#039;A\u00efkido\" \/>\n<meta property=\"article:modified_time\" content=\"2026-01-23T07:33:50+00:00\" \/>\n<meta name=\"twitter:card\" content=\"summary_large_image\" \/>\n<meta name=\"twitter:label1\" content=\"Geschatte leestijd\" \/>\n\t<meta name=\"twitter:data1\" content=\"3 minuten\" \/>\n<script type=\"application\/ld+json\" class=\"yoast-schema-graph\">{\"@context\":\"https:\/\/schema.org\",\"@graph\":[{\"@type\":\"WebPage\",\"@id\":\"https:\/\/www.aikido-belgique.be\/nl\/\",\"url\":\"https:\/\/www.aikido-belgique.be\/nl\/\",\"name\":\"Welkom - U.Be.A. - Union Belge d&#039;A\u00efkido\",\"isPartOf\":{\"@id\":\"https:\/\/www.aikido-belgique.be\/#website\"},\"datePublished\":\"2020-01-02T14:38:02+00:00\",\"dateModified\":\"2026-01-23T07:33:50+00:00\",\"breadcrumb\":{\"@id\":\"https:\/\/www.aikido-belgique.be\/nl\/#breadcrumb\"},\"inLanguage\":\"nl-NL\",\"potentialAction\":[{\"@type\":\"ReadAction\",\"target\":[\"https:\/\/www.aikido-belgique.be\/nl\/\"]}]},{\"@type\":\"BreadcrumbList\",\"@id\":\"https:\/\/www.aikido-belgique.be\/nl\/#breadcrumb\",\"itemListElement\":[{\"@type\":\"ListItem\",\"position\":1,\"name\":\"Accueil\",\"item\":\"https:\/\/www.aikido-belgique.be\/nl\/\"},{\"@type\":\"ListItem\",\"position\":2,\"name\":\"Welkom\"}]},{\"@type\":\"WebSite\",\"@id\":\"https:\/\/www.aikido-belgique.be\/#website\",\"url\":\"https:\/\/www.aikido-belgique.be\/\",\"name\":\"U.Be.A. - Union Belge d&#039;A\u00efkido\",\"description\":\"\",\"potentialAction\":[{\"@type\":\"SearchAction\",\"target\":{\"@type\":\"EntryPoint\",\"urlTemplate\":\"https:\/\/www.aikido-belgique.be\/?s={search_term_string}\"},\"query-input\":{\"@type\":\"PropertyValueSpecification\",\"valueRequired\":true,\"valueName\":\"search_term_string\"}}],\"inLanguage\":\"nl-NL\"}]}<\/script>\n<!-- \/ Yoast SEO plugin. -->","yoast_head_json":{"title":"Welkom - U.Be.A. - Union Belge d&#039;A\u00efkido","robots":{"index":"index","follow":"follow","max-snippet":"max-snippet:-1","max-image-preview":"max-image-preview:large","max-video-preview":"max-video-preview:-1"},"canonical":"https:\/\/www.aikido-belgique.be\/nl\/","og_locale":"nl_NL","og_type":"article","og_title":"Welkom - U.Be.A. - Union Belge d&#039;A\u00efkido","og_description":"[vc_row section_type=&#8221;fullwidth&#8221; section_full_height=&#8221;fullheight&#8221; bg_type=&#8221;image&#8221; bg_image=&#8221;3247&#8243; color_overlay=&#8221;primary-2&#8243; opacity_overlay=&#8221;50&#8243; el_class=&#8221;header__background&#8221;][vc_column width=&#8221;1\/3&#8243;][\/vc_column][vc_column width=&#8221;1\/3&#8243; tablet_width=&#8221;1-2&#8243; tablet_sm_width=&#8221;2-3&#8243;][vc_column_text] Welkom op de website van [\/vc_column_text][vc_column_text]Ontdek Aikido, ontdek de clubs bij jou in de buurt en schrijf je in voor onze cursussen.[\/vc_column_text][vc_row_inner][vc_column_inner width=&#8221;1\/2&#8243; mobile_width=&#8221;1-2&#8243;][\/vc_column_inner][vc_column_inner width=&#8221;1\/2&#8243; mobile_width=&#8221;1-2&#8243;][\/vc_column_inner][\/vc_row_inner][\/vc_column][vc_column width=&#8221;1\/3&#8243;][vc_column_text css=&#8221;&#8221;]Next International seminar[\/vc_column_text][vc_tta_accordion active_section=&#8221;1&#8243;][vc_tta_section title=&#8221;Mai\/Mei\/May: Yoshinobu IRIE&#8221; tab_id=&#8221;1769078352002-88195d44-a08e&#8221;][\/vc_tta_section][vc_tta_section title=&#8221;Mars\/March\/Maart: Brahim Si Guesmi&#8221; tab_id=&#8221;1769079315093-12f93998-d4ad&#8221;][\/vc_tta_section][vc_tta_section title=&#8221;Mai\/Mei\/May: H\u00e9l\u00e8ne Dou\u00e9&#8221; [&hellip;]","og_url":"https:\/\/www.aikido-belgique.be\/nl\/","og_site_name":"U.Be.A. - Union Belge d&#039;A\u00efkido","article_modified_time":"2026-01-23T07:33:50+00:00","twitter_card":"summary_large_image","twitter_misc":{"Geschatte leestijd":"3 minuten"},"schema":{"@context":"https:\/\/schema.org","@graph":[{"@type":"WebPage","@id":"https:\/\/www.aikido-belgique.be\/nl\/","url":"https:\/\/www.aikido-belgique.be\/nl\/","name":"Welkom - U.Be.A. - Union Belge d&#039;A\u00efkido","isPartOf":{"@id":"https:\/\/www.aikido-belgique.be\/#website"},"datePublished":"2020-01-02T14:38:02+00:00","dateModified":"2026-01-23T07:33:50+00:00","breadcrumb":{"@id":"https:\/\/www.aikido-belgique.be\/nl\/#breadcrumb"},"inLanguage":"nl-NL","potentialAction":[{"@type":"ReadAction","target":["https:\/\/www.aikido-belgique.be\/nl\/"]}]},{"@type":"BreadcrumbList","@id":"https:\/\/www.aikido-belgique.be\/nl\/#breadcrumb","itemListElement":[{"@type":"ListItem","position":1,"name":"Accueil","item":"https:\/\/www.aikido-belgique.be\/nl\/"},{"@type":"ListItem","position":2,"name":"Welkom"}]},{"@type":"WebSite","@id":"https:\/\/www.aikido-belgique.be\/#website","url":"https:\/\/www.aikido-belgique.be\/","name":"U.Be.A. - Union Belge d&#039;A\u00efkido","description":"","potentialAction":[{"@type":"SearchAction","target":{"@type":"EntryPoint","urlTemplate":"https:\/\/www.aikido-belgique.be\/?s={search_term_string}"},"query-input":{"@type":"PropertyValueSpecification","valueRequired":true,"valueName":"search_term_string"}}],"inLanguage":"nl-NL"}]}},"_links":{"self":[{"href":"https:\/\/www.aikido-belgique.be\/nl\/wp-json\/wp\/v2\/pages\/5854","targetHints":{"allow":["GET"]}}],"collection":[{"href":"https:\/\/www.aikido-belgique.be\/nl\/wp-json\/wp\/v2\/pages"}],"about":[{"href":"https:\/\/www.aikido-belgique.be\/nl\/wp-json\/wp\/v2\/types\/page"}],"author":[{"embeddable":true,"href":"https:\/\/www.aikido-belgique.be\/nl\/wp-json\/wp\/v2\/users\/53"}],"replies":[{"embeddable":true,"href":"https:\/\/www.aikido-belgique.be\/nl\/wp-json\/wp\/v2\/comments?post=5854"}],"version-history":[{"count":11,"href":"https:\/\/www.aikido-belgique.be\/nl\/wp-json\/wp\/v2\/pages\/5854\/revisions"}],"predecessor-version":[{"id":8321,"href":"https:\/\/www.aikido-belgique.be\/nl\/wp-json\/wp\/v2\/pages\/5854\/revisions\/8321"}],"wp:attachment":[{"href":"https:\/\/www.aikido-belgique.be\/nl\/wp-json\/wp\/v2\/media?parent=5854"}],"curies":[{"name":"wp","href":"https:\/\/api.w.org\/{rel}","templated":true}]}}